{"id":26,"date":"2018-04-05T12:36:53","date_gmt":"2018-04-05T12:36:53","guid":{"rendered":"https:\/\/gomeandr.ch\/?page_id=26"},"modified":"2025-03-29T15:24:19","modified_gmt":"2025-03-29T15:24:19","slug":"resume","status":"publish","type":"page","link":"https:\/\/gomeandr.ch\/fr\/resume\/","title":{"rendered":"<p>Exp\u00e9riences professionnelles<\/p>"},"content":{"rendered":"<section class=\"fw-main-row\">\n\t<div class=\"fw-container\">\n\t\t<div class=\"row\">\n\t\r\n\r\n<div class=\"col-xs-12 col-sm-9\">\r\n    <div id=\"col_inner_id-69f4b975e1caa\" class=\"fw-col-inner\" data-paddings=\"0px 0px 0px 0px\">\r\n\t\t\n\n\t<div class=\"block-title fw-timeline-title\">\n\t\t<h3>Exp\u00e9rience<\/h3>\n\t<\/div>\n\n<div id=\"timeline-69f4b975e1f12\" class=\"timeline timeline-first-style clearfix\">\n\t\t\t\t\t\n\t\t\t\t<div id=\"timeline_item_a3aa5c60df0bcb0b9b3ed3f5660dd562\" class=\"timeline-item\" data-color=\"#9bd952\">\n\t\t\t\t\t<span class=\"item-period\">Juin 2024 - Aujourd'hui<\/span>\n\t\t\t<h4 class=\"item-title\">Consultant ind\u00e9pendant en E-Learning <\/h4>\n\t\t\t<span class=\"item-small\">Ind\u00e9pendant, Gen\u00e8ve, Suisse  <\/span>\n\t\t\t\t\t\t<div class=\"text\">\n\t\t\t\t<div class=\"css-146c3p1 r-bcqeeo r-1ttztb7 r-qvutc0 r-37j5jr r-a023e6 r-16dba41 r-1adg3ll r-1b5gpbm r-a8ghvy\" dir=\"ltr\"><span class=\"css-1jxf684 r-bcqeeo r-1ttztb7 r-qvutc0 r-poiln3\"><span class=\"css-1jxf684 r-bcqeeo r-1ttztb7 r-qvutc0 r-poiln3 r-a8ghvy\">Depuis le milieu de l'ann\u00e9e 2024, je travaille comme consultant ind\u00e9pendant, en partenariat avec des organisations prestigieuses et en lan\u00e7ant mes propres projets \u00e9ducatifs. Mon travail se concentre sur la cr\u00e9ation de solutions d'apprentissage en ligne innovantes et \u00e9volutives qui r\u00e9pondent aux besoins d'apprenants et d'institutions diversifi\u00e9s.<\/span><\/span><\/div><ul dir=\"ltr\"><li><div class=\"css-146c3p1 r-bcqeeo r-1ttztb7 r-qvutc0 r-37j5jr r-a023e6 r-rjixqe r-16dba41\" dir=\"ltr\"><span class=\"css-1jxf684 r-bcqeeo r-1ttztb7 r-qvutc0 r-poiln3 r-b88u0q r-a8ghvy\"><span class=\"css-1jxf684 r-bcqeeo r-1ttztb7 r-qvutc0 r-poiln3\"><span class=\"css-1jxf684 r-bcqeeo r-1ttztb7 r-qvutc0 r-poiln3 r-a8ghvy\">Association des Universit\u00e9s Africaines (AUA) :<\/span><\/span><\/span><span class=\"css-1jxf684 r-bcqeeo r-1ttztb7 r-qvutc0 r-poiln3 r-a8ghvy\"><span class=\"css-1jxf684 r-bcqeeo r-1ttztb7 r-qvutc0 r-poiln3\"> R\u00e9alisation d'audits LMS approfondis au Togo et au Burkina Faso, fournissant des rapports exploitables pour optimiser les plateformes d'apprentissage en ligne. Soutien au projet C-Code par des conseils en mati\u00e8re de ressources humaines et d'installation de studios, afin d'am\u00e9liorer leur infrastructure d'\u00e9ducation num\u00e9rique.<\/span><\/span><\/div><\/li><li><div class=\"css-146c3p1 r-bcqeeo r-1ttztb7 r-qvutc0 r-37j5jr r-a023e6 r-rjixqe r-16dba41\" dir=\"ltr\"><span class=\"css-1jxf684 r-bcqeeo r-1ttztb7 r-qvutc0 r-poiln3 r-b88u0q r-a8ghvy\"><span class=\"css-1jxf684 r-bcqeeo r-1ttztb7 r-qvutc0 r-poiln3\"><span class=\"css-1jxf684 r-bcqeeo r-1ttztb7 r-qvutc0 r-poiln3 r-a8ghvy\">EPFL :<\/span><\/span><\/span><span class=\"css-1jxf684 r-bcqeeo r-1ttztb7 r-qvutc0 r-poiln3 r-a8ghvy\"><span class=\"css-1jxf684 r-bcqeeo r-1ttztb7 r-qvutc0 r-poiln3\"> Il a collabor\u00e9 \u00e0 des projets d'\u00e9ducation num\u00e9rique de pointe, en am\u00e9liorant la fourniture de contenu et la conception p\u00e9dagogique pour des publics universitaires internationaux.<\/span><\/span><\/div><\/li><li><div class=\"css-146c3p1 r-bcqeeo r-1ttztb7 r-qvutc0 r-37j5jr r-a023e6 r-rjixqe r-16dba41\" dir=\"ltr\"><span class=\"css-1jxf684 r-bcqeeo r-1ttztb7 r-qvutc0 r-poiln3 r-b88u0q r-a8ghvy\"><span class=\"css-1jxf684 r-bcqeeo r-1ttztb7 r-qvutc0 r-poiln3\"><span class=\"css-1jxf684 r-bcqeeo r-1ttztb7 r-qvutc0 r-poiln3 r-a8ghvy\">Eureka Academy (projet personnel) :<\/span><\/span><\/span><span class=\"css-1jxf684 r-bcqeeo r-1ttztb7 r-qvutc0 r-poiln3 r-a8ghvy\"><span class=\"css-1jxf684 r-bcqeeo r-1ttztb7 r-qvutc0 r-poiln3\"> Lanc\u00e9 <\/span><\/span><a class=\"css-1jxf684 r-bcqeeo r-1ttztb7 r-qvutc0 r-poiln3 r-1loqt21\" role=\"link\" href=\"https:\/\/eureka-academy.ch\/\" target=\"_blank\" rel=\"noopener noreferrer nofollow\" data-copy-preserve=\"1\"><span class=\"css-1jxf684 r-bcqeeo r-1ttztb7 r-qvutc0 r-poiln3\">https:\/\/eureka-academy.ch\/<\/span><\/a><span class=\"css-1jxf684 r-bcqeeo r-1ttztb7 r-qvutc0 r-poiln3 r-a8ghvy\"><span class=\"css-1jxf684 r-bcqeeo r-1ttztb7 r-qvutc0 r-poiln3\">une plateforme gratuite proposant des cours d'allemand et de math\u00e9matiques. L'IA a \u00e9t\u00e9 utilis\u00e9e pour cr\u00e9er des exercices, des visuels et des sons dynamiques, rendant l'apprentissage attrayant et accessible.<\/span><\/span><\/div><\/li><li><div class=\"css-146c3p1 r-bcqeeo r-1ttztb7 r-qvutc0 r-37j5jr r-a023e6 r-rjixqe r-16dba41\" dir=\"ltr\"><span class=\"css-1jxf684 r-bcqeeo r-1ttztb7 r-qvutc0 r-poiln3 r-b88u0q r-a8ghvy\"><span class=\"css-1jxf684 r-bcqeeo r-1ttztb7 r-qvutc0 r-poiln3\"><span class=\"css-1jxf684 r-bcqeeo r-1ttztb7 r-qvutc0 r-poiln3 r-a8ghvy\">Cours Udemy :<\/span><\/span><\/span><span class=\"css-1jxf684 r-bcqeeo r-1ttztb7 r-qvutc0 r-poiln3 r-a8ghvy\"><span class=\"css-1jxf684 r-bcqeeo r-1ttztb7 r-qvutc0 r-poiln3\"> J'ai lanc\u00e9 mon premier cours sur Udemy, attirant 150 \u00e9tudiants et obtenant une note parfaite de 5\/5 \u00e9toiles, d\u00e9montrant ainsi ma capacit\u00e9 \u00e0 concevoir des exp\u00e9riences d'apprentissage en ligne percutantes.<\/span><\/span><\/div><\/li><\/ul>\t\t\t<\/div>\n\t\t<\/div>\n\t\t\t\t\t\t\t\n\t\t\t\t<div id=\"timeline_item_1cf072a5757614d1cc248d671ecf10be\" class=\"timeline-item\" data-color=\"#9bd952\">\n\t\t\t\t\t<span class=\"item-period\">Sept 2021 - Juin 2024<\/span>\n\t\t\t<h4 class=\"item-title\">Concepteur d'apprentissage \/ Sp\u00e9cialiste de l'apprentissage en ligne<\/h4>\n\t\t\t<span class=\"item-small\">EPFL<\/span>\n\t\t\t\t\t\t<span class=\"item-logo\"><img decoding=\"async\" src=\"\/\/gomeandr.ch\/wp-content\/uploads\/2021\/09\/320px-Logo_EPFL.svg-e1632211814618.png\" alt=\"image\"><\/span>\n\t\t\t\t\t\t<div class=\"text\">\n\t\t\t\t<ul><li><span aria-hidden=\"true\">Facilitation du tutorat personnalis\u00e9 pour plus de 80 chercheurs doctorants et postdoctorants dans 12 universit\u00e9s de 9 pays africains, afin d'am\u00e9liorer le soutien et le d\u00e9veloppement acad\u00e9miques.<\/span><\/li><li><span aria-hidden=\"true\">\u00c9laboration et mise en \u0153uvre de syst\u00e8mes complets d'\u00e9valuation et de suivi des progr\u00e8s pour des programmes comptant plus de 7 500 participants, ce qui a contribu\u00e9 \u00e0 l'am\u00e9lioration continue et \u00e0 l'affinement des cours par des experts.<\/span><\/li><li><span aria-hidden=\"true\">Conception et cr\u00e9ation de contenu pour plus de 20 cours en ligne ouverts \u00e0 tous (MOOC), en int\u00e9grant des ressources multim\u00e9dias, des quiz et des pr\u00e9sentations pour garantir l'alignement sur les objectifs et les normes d'apprentissage.<\/span><\/li><li><span aria-hidden=\"true\">Gestion de plusieurs projets d'\u00e9ducation num\u00e9rique, y compris la coordination des exportations de mat\u00e9riel et des d\u00e9veloppements d'infrastructure dans les universit\u00e9s de cinq pays, afin de garantir la r\u00e9ussite de la mise en \u0153uvre du programme.<\/span><\/li><li><span aria-hidden=\"true\">Il a supervis\u00e9 la conceptualisation et le lancement d'une initiative de laboratoire en ligne, en s'assurant de la participation de plus de 100 universit\u00e9s \u00e0 travers l'Afrique, en faisant preuve d'une gestion de projet et d'une planification strat\u00e9gique efficaces.<\/span><\/li><li><span aria-hidden=\"true\">Am\u00e9lioration de l'exp\u00e9rience d'apprentissage en modernisant la diffusion du contenu pour y inclure des am\u00e9liorations ergonomiques et des ressources multim\u00e9dias dynamiques et attrayantes.<\/span><\/li><li><span aria-hidden=\"true\">Collaboration avec diverses parties prenantes pour reproduire un mod\u00e8le de studio m\u00e9dia de l'EPFL dans plusieurs universit\u00e9s, ce qui a permis d'\u00e9largir consid\u00e9rablement l'acc\u00e8s \u00e0 des ressources \u00e9ducatives num\u00e9riques de qualit\u00e9.<\/span><\/li><\/ul>\t\t\t<\/div>\n\t\t<\/div>\n\t\t\t\t\t\t\t\n\t\t\t\t<div id=\"timeline_item_e2f2a59868be56f1042a3f5c1ccb4420\" class=\"timeline-item\" data-color=\"#9bd952\">\n\t\t\t\t\t<span class=\"item-period\">Sept. 2020 - F\u00e9vr. 2021<\/span>\n\t\t\t<h4 class=\"item-title\">Sp\u00e9cialiste E-learning<\/h4>\n\t\t\t<span class=\"item-small\">Transport public de Lausanne<\/span>\n\t\t\t\t\t\t<span class=\"item-logo\"><img decoding=\"async\" src=\"\/\/gomeandr.ch\/wp-content\/uploads\/2021\/03\/Logo_Transport_publics_de_la_region_lausannoise.svg.png\" alt=\"image\"><\/span>\n\t\t\t\t\t\t<div class=\"text\">\n\t\t\t\t<ul><li>Cr\u00e9ation et soutien de la cr\u00e9ation d'une application web <a href=\"https:\/\/gomeandr.ch\/fr\/2021\/02\/23\/google-maps-api\/\">Google MAPS API<\/a> .<\/li><li>Cr\u00e9ation de <a href=\"https:\/\/gomeandr.ch\/fr\/2021\/02\/23\/google-maps-api\/\">vid\u00e9os \u00e9ducatives<\/a> pour l'apprentissage du r\u00e9seaux<\/li><li>Recueillir des informations et des \u00e9l\u00e9ments de cours aupr\u00e8s des membres, des services internes, des PME (experts en la mati\u00e8re), des instituts de recherche et autres.<\/li><li>Recueil d\u2019informations et de mat\u00e9riel aupr\u00e8s des membres, des d\u00e9partements internes, des PME (experts en la mati\u00e8re), des institutions de recherche et autres pour l\u2019\u00e9tablissement de l\u2019offre p\u00e9dagogique.<\/li><li>Soutien du d\u00e9ploiement des programmes d'apprentissage, notamment en t\u00e9l\u00e9chargeant et en mettant \u00e0 jour les didacticiels et les programmes d'\u00e9tudes, les affectations de formation, le texte de notification des apprenants et les r\u00e8gles.<\/li><\/ul>\t\t\t<\/div>\n\t\t<\/div>\n\t\t\t\t\t\t\t\n\t\t\t\t<div id=\"timeline_item_03fd08f4b7f4de1649396c8596b1596e\" class=\"timeline-item\" data-color=\"#9bd952\">\n\t\t\t\t\t<span class=\"item-period\">Janv. 2020 - Ao\u00fbt 2020<\/span>\n\t\t\t<h4 class=\"item-title\">APPUI SCOLAIRE<\/h4>\n\t\t\t<span class=\"item-small\">Etat du Valais<\/span>\n\t\t\t\t\t\t<span class=\"item-logo\"><img decoding=\"async\" src=\"\/\/gomeandr.ch\/wp-content\/uploads\/2021\/03\/Wallis.png\" alt=\"image\"><\/span>\n\t\t\t\t\t\t<div class=\"text\">\n\t\t\t\t<ul><li>Mise en place d'outils innovants comme la mise en place de s\u00e9quences de pleine conscience en d\u00e9but de cours.<\/li><li>Organiser, g\u00e9rer des groupes d'\u00e9tudiants et des individus.<\/li><li>\u00c9valuer, documenter et rendre compte du d\u00e9veloppement, des progr\u00e8s, des r\u00e9sultats et du comportement des \u00e9l\u00e8ves.<\/li><li>Fournir et contribuer \u00e0 des \u00e9valuations, des rapports et des r\u00e9f\u00e9rences orales et \u00e9crites concernant des \u00e9tudiants individuels ou des groupes d'\u00e9tudiants.<\/li><li>Participer \u00e0 des arrangements dans un cadre national convenu pour l'\u00e9valuation des performances des \u00e9tudiants<\/li><li>Promouvoir les progr\u00e8s g\u00e9n\u00e9raux et le bien-\u00eatre des \u00e9l\u00e8ves individuels, des groupes d'\u00e9l\u00e8ves ou de la classe qui lui sont confi\u00e9s.<\/li><\/ul>\t\t\t<\/div>\n\t\t<\/div>\n\t\t\t\t\t\t\t\n\t\t\t\t<div id=\"timeline_item_9b419c72d5c8eda5c3988036e148ba1c\" class=\"timeline-item\" data-color=\"#9bd952\">\n\t\t\t\t\t<span class=\"item-period\">Mai 2019 - D\u00e9c. 2019<\/span>\n\t\t\t<h4 class=\"item-title\">Gestionnaire en assurances<\/h4>\n\t\t\t<span class=\"item-small\">AXA<\/span>\n\t\t\t\t\t\t<span class=\"item-logo\"><img decoding=\"async\" src=\"\/\/gomeandr.ch\/wp-content\/uploads\/2021\/02\/axa.jpg\" alt=\"image\"><\/span>\n\t\t\t\t\t\t<div class=\"text\">\n\t\t\t\t<ul><li>Gestion de tous les \u00e9l\u00e9ments financiers des contrats d'assurance et conduite de toutes les op\u00e9rations de l'organisation pour une efficacit\u00e9 et une productivit\u00e9 maximale.<\/li><li>Identifier les diff\u00e9rents contrats et s'assurer que les dispositions en mati\u00e8re d'assurance sont \u00e0 jour, que les primes sont convenues avec les assureurs et que les primes sont factur\u00e9es aux clients comme il convient.<\/li><li>Identifier les nouveaux risques assurables au sein de l'entreprise et faire des recommandations pour une gestion efficace des risques.<ul><li>Travailler avec le directeur des assurances pour rendre compte \u00e0 l'organisation des dispositions de couverture, des primes et des recouvrements.<\/li><\/ul><\/li><\/ul>\t\t\t<\/div>\n\t\t<\/div>\n\t\t\t\t\t\t\t\n\t\t\t\t<div id=\"timeline_item_0984545cd61e780aaee13d2ab99f4cee\" class=\"timeline-item\" data-color=\"#9bd952\">\n\t\t\t\t\t<span class=\"item-period\">Janv. 2018 - Juin 2018<\/span>\n\t\t\t<h4 class=\"item-title\">Sp\u00e9cialiste E-learning<\/h4>\n\t\t\t<span class=\"item-small\">UniDistance<\/span>\n\t\t\t\t\t\t<span class=\"item-logo\"><img decoding=\"async\" src=\"\/\/gomeandr.ch\/wp-content\/uploads\/2021\/03\/UniDistance.jpg\" alt=\"image\"><\/span>\n\t\t\t\t\t\t<div class=\"text\">\n\t\t\t\t<ul><li>R\u00e9ing\u00e9nierie du logiciel utilis\u00e9 pour l'apprentissage par les \u00e9tudiants et transition vers un logiciel professionnel avec une conceptualisation, une ergonomie, des m\u00e9thodes d'interaction homme-machine diverses et meilleures avec un comportement bien descriptif.<\/li><li>D\u00e9veloppement de nouveaux contenus et de nouvelles pratiques organisationnelles qui r\u00e9pondent aux besoins organisationnels des \u00e9tudiants et augmentent les connaissances sur des sujets sensibles.<\/li><\/ul>\t\t\t<\/div>\n\t\t<\/div>\n\t\t\t\t\t\t\t\n\t\t\t\t<div id=\"timeline_item_37a57619d143d41efc28e376e3d43372\" class=\"timeline-item\" data-color=\"#9bd952\">\n\t\t\t\t\t<span class=\"item-period\">Juin 2015 - Ao\u00fbt 2017<\/span>\n\t\t\t<h4 class=\"item-title\">Gestionnaire de voyage<\/h4>\n\t\t\t<span class=\"item-small\">Touring Club Suisse<\/span>\n\t\t\t\t\t\t<span class=\"item-logo\"><img decoding=\"async\" src=\"\/\/gomeandr.ch\/wp-content\/uploads\/2021\/03\/tcs.png\" alt=\"image\"><\/span>\n\t\t\t\t\t\t<div class=\"text\">\n\t\t\t\t<ul><li>J'ai agi en tant que gestionnaire int\u00e9gral en \u00e9tablissant des contacts avec les parties prenantes, mes subordonn\u00e9s et la haute direction pour am\u00e9liorer la productivit\u00e9 du travail.<\/li><li>Proactif pour fournir aux clients des solutions satisfaisantes \u00e0 leurs besoins organisationnels en cr\u00e9ant des horaires ponctuels, en prenant des rendez-vous et en r\u00e9pondant \u00e0 tous leurs besoins g\u00e9n\u00e9raux en mati\u00e8re de service \u00e0 la client\u00e8le.<\/li><li>\u00c9tablissement et report de donn\u00e9es statistiques aux sup\u00e9rieurs, mises \u00e0 jour r\u00e9guli\u00e8res des statistiques et contr\u00f4le la base de donn\u00e9es des voyages, la distribution des visites et toutes les autres responsabilit\u00e9s li\u00e9es aux voyages.<\/li><\/ul>\t\t\t<\/div>\n\t\t<\/div>\n\t\t\t\t\t\t\t\n\t\t\t\t<div id=\"timeline_item_8b759619926ef7515b32a4cdb115f9e7\" class=\"timeline-item\" data-color=\"#9bd952\">\n\t\t\t\t\t<span class=\"item-period\">F\u00e9v 2016 - D\u00e9c 2016<\/span>\n\t\t\t<h4 class=\"item-title\">Sp\u00e9cialiste E-learning<\/h4>\n\t\t\t<span class=\"item-small\">Touring Club Suisse<\/span>\n\t\t\t\t\t\t<span class=\"item-logo\"><img decoding=\"async\" src=\"\/\/gomeandr.ch\/wp-content\/uploads\/2021\/03\/tcs.png\" alt=\"image\"><\/span>\n\t\t\t\t\t\t<div class=\"text\">\n\t\t\t\t<ul><li>Fournir une assistance optimale par la cr\u00e9ation, la mise \u00e0 jour et l'ergonomie de la page HTML\/CSS pour suivre et r\u00e9pondre \u00e0 toutes les questions des clients de mani\u00e8re inform\u00e9e et actualis\u00e9e.<\/li><li>J'ai travaill\u00e9 comme un stagiaire enthousiaste et optimiste en construisant avec succ\u00e8s des outils qui ont apport\u00e9 des changements technologiques, r\u00e9duisant ainsi la masse et la monotonie du travail.<\/li><li>Cr\u00e9ation d'outils d'apprentissage en ligne et d'autres outils p\u00e9dagogiques tels que des vid\u00e9os et des applications web qui ont aid\u00e9 les clients et les coll\u00e8gues \u00e0 b\u00e9n\u00e9ficier de services supr\u00eames et de moyens rapides d'\u00e9valuer leurs besoins et leurs souhaits.<\/li><\/ul>\t\t\t<\/div>\n\t\t<\/div>\n\t\t\t\t\t\t\t\n\t\t\t\t<div id=\"timeline_item_adaab885e945acbf71502c64bfe33317\" class=\"timeline-item\" data-color=\"#9bd952\">\n\t\t\t\t\t<span class=\"item-period\">Mai 2014 - Juin 2015<\/span>\n\t\t\t<h4 class=\"item-title\">Coordinateur adjoint<\/h4>\n\t\t\t<span class=\"item-small\">Touring Club Suisse<\/span>\n\t\t\t\t\t\t<span class=\"item-logo\"><img decoding=\"async\" src=\"\/\/gomeandr.ch\/wp-content\/uploads\/2021\/03\/tcs.png\" alt=\"image\"><\/span>\n\t\t\t\t\t\t<div class=\"text\">\n\t\t\t\t<ul><li>Maximiser l'efficacit\u00e9 du processus de gestion en remplissant les documents en temps voulu et en coordonnant correctement tous les cas li\u00e9s \u00e0 la sant\u00e9.<\/li><li>Maintenir l'efficacit\u00e9 op\u00e9rationnelle en assurant une surveillance proactive et en apportant des corrections \u00e0 tous les besoins des clients.<\/li><li>\u00c9valuer la performance des op\u00e9rations quotidiennes de l'organisation et donner un retour d'information \u00e0 la direction et aux autres employ\u00e9s de l'organisation.<\/li><\/ul>\t\t\t<\/div>\n\t\t<\/div>\n\t\t\t\t\t\t\t\n\t\t\t\t<div id=\"timeline_item_066f6b089b45765de0e8a28428db755a\" class=\"timeline-item\" data-color=\"#9bd952\">\n\t\t\t\t\t<span class=\"item-period\">Juin 2012 - Juin 2013<\/span>\n\t\t\t<h4 class=\"item-title\">Vice-pr\u00e9sident et responsable des relations ext\u00e9rieures <\/h4>\n\t\t\t<span class=\"item-small\">AIESEC<\/span>\n\t\t\t\t\t\t<span class=\"item-logo\"><img decoding=\"async\" src=\"\/\/gomeandr.ch\/wp-content\/uploads\/2021\/03\/Aiesec2.png\" alt=\"image\"><\/span>\n\t\t\t\t\t\t<div class=\"text\">\n\t\t\t\t<ul><li>Recherche et d\u00e9veloppement d'un programme de formation qui a permis d'\u00e9duquer et d'accro\u00eetre les capacit\u00e9s des employ\u00e9s de l'organisation en mati\u00e8re de technologie de l'information.<\/li><li>Cr\u00e9ation et mise en \u0153uvre de moyens permettant de s'assurer que les stagiaires internationaux obtiennent les permis, le logement et les documents n\u00e9cessaires pour mener \u00e0 bien le programme avec facilit\u00e9.<\/li><li>Conception de m\u00e9thodes d'int\u00e9gration innovantes pour les stagiaires internationaux en Suisse et \u00e0 Berne en particulier.<\/li><\/ul>\t\t\t<\/div>\n\t\t<\/div>\n\t\t\t<\/div>\n\t<\/div>\r\n<\/div>\r\n<\/div>\n\n\t<\/div>\n<\/section>","protected":false},"excerpt":{"rendered":"<p>Exp\u00e9rience Juin 2024 - aujourd'hui Consultant ind\u00e9pendant en e-learning Travailleur ind\u00e9pendant, Gen\u00e8ve, Suisse Depuis la mi-2024, je travaille en tant que consultant ind\u00e9pendant, en partenariat avec des organisations prestigieuses et en lan\u00e7ant mes propres projets \u00e9ducatifs. Mon travail se concentre sur la cr\u00e9ation de solutions d'apprentissage en ligne innovantes et \u00e9volutives qui r\u00e9pondent aux besoins de divers apprenants et institutions.Association des Universit\u00e9s Africaines (AUA) : J'ai men\u00e9 des recherches approfondies sur les...<p><a class=\"read-more\" href=\"https:\/\/gomeandr.ch\/fr\/resume\/\">Lire la suite<\/a><\/p><\/p>","protected":false},"author":1,"featured_media":680,"parent":0,"menu_order":0,"comment_status":"closed","ping_status":"closed","template":"","meta":{"footnotes":""},"class_list":["post-26","page","type-page","status-publish","has-post-thumbnail","hentry","odd"],"yoast_head":"<!-- This site is optimized with the Yoast SEO plugin v24.7 - https:\/\/yoast.com\/wordpress\/plugins\/seo\/ -->\n<title>Professional Experiences - Andr\u00e9s Gomez<\/title>\n<meta name=\"description\" content=\"Global person with expertise in E-learning, instructional design, and management. Known for innovative solutions and driving measurable outcomes in education.\" \/>\n<meta name=\"robots\" content=\"index, follow, max-snippet:-1, max-image-preview:large, max-video-preview:-1\" \/>\n<link rel=\"canonical\" href=\"https:\/\/gomeandr.ch\/fr\/resume\/\" \/>\n<meta property=\"og:locale\" content=\"fr_FR\" \/>\n<meta property=\"og:type\" content=\"article\" \/>\n<meta property=\"og:title\" content=\"Professional Experiences - Andr\u00e9s Gomez\" \/>\n<meta property=\"og:description\" content=\"Global person with expertise in E-learning, instructional design, and management. Known for innovative solutions and driving measurable outcomes in education.\" \/>\n<meta property=\"og:url\" content=\"https:\/\/gomeandr.ch\/fr\/resume\/\" \/>\n<meta property=\"og:site_name\" content=\"Andr\u00e9s Gomez\" \/>\n<meta property=\"article:modified_time\" content=\"2025-03-29T15:24:19+00:00\" \/>\n<meta property=\"og:image\" content=\"https:\/\/gomeandr.ch\/wp-content\/uploads\/2021\/02\/mySelf-e1727285790577.png\" \/>\n\t<meta property=\"og:image:width\" content=\"200\" \/>\n\t<meta property=\"og:image:height\" content=\"243\" \/>\n\t<meta property=\"og:image:type\" content=\"image\/png\" \/>\n<meta name=\"twitter:card\" content=\"summary_large_image\" \/>\n<meta name=\"twitter:label1\" content=\"Dur\u00e9e de lecture estim\u00e9e\" \/>\n\t<meta name=\"twitter:data1\" content=\"6 minutes\" \/>\n<script type=\"application\/ld+json\" class=\"yoast-schema-graph\">{\"@context\":\"https:\/\/schema.org\",\"@graph\":[{\"@type\":\"WebPage\",\"@id\":\"https:\/\/gomeandr.ch\/resume\/\",\"url\":\"https:\/\/gomeandr.ch\/resume\/\",\"name\":\"Professional Experiences - Andr\u00e9s Gomez\",\"isPartOf\":{\"@id\":\"https:\/\/gomeandr.ch\/fr\/#website\"},\"primaryImageOfPage\":{\"@id\":\"https:\/\/gomeandr.ch\/resume\/#primaryimage\"},\"image\":{\"@id\":\"https:\/\/gomeandr.ch\/resume\/#primaryimage\"},\"thumbnailUrl\":\"https:\/\/gomeandr.ch\/wp-content\/uploads\/2021\/02\/mySelf-e1727285790577.png\",\"datePublished\":\"2018-04-05T12:36:53+00:00\",\"dateModified\":\"2025-03-29T15:24:19+00:00\",\"description\":\"Global person with expertise in E-learning, instructional design, and management. Known for innovative solutions and driving measurable outcomes in education.\",\"breadcrumb\":{\"@id\":\"https:\/\/gomeandr.ch\/resume\/#breadcrumb\"},\"inLanguage\":\"fr-FR\",\"potentialAction\":[{\"@type\":\"ReadAction\",\"target\":[\"https:\/\/gomeandr.ch\/resume\/\"]}]},{\"@type\":\"ImageObject\",\"inLanguage\":\"fr-FR\",\"@id\":\"https:\/\/gomeandr.ch\/resume\/#primaryimage\",\"url\":\"https:\/\/gomeandr.ch\/wp-content\/uploads\/2021\/02\/mySelf-e1727285790577.png\",\"contentUrl\":\"https:\/\/gomeandr.ch\/wp-content\/uploads\/2021\/02\/mySelf-e1727285790577.png\",\"width\":200,\"height\":243},{\"@type\":\"BreadcrumbList\",\"@id\":\"https:\/\/gomeandr.ch\/resume\/#breadcrumb\",\"itemListElement\":[{\"@type\":\"ListItem\",\"position\":1,\"name\":\"Home\",\"item\":\"https:\/\/gomeandr.ch\/\"},{\"@type\":\"ListItem\",\"position\":2,\"name\":\"Professional Experiences\"}]},{\"@type\":\"WebSite\",\"@id\":\"https:\/\/gomeandr.ch\/fr\/#website\",\"url\":\"https:\/\/gomeandr.ch\/fr\/\",\"name\":\"Gomeandr\",\"description\":\"Carte de visite\",\"potentialAction\":[{\"@type\":\"SearchAction\",\"target\":{\"@type\":\"EntryPoint\",\"urlTemplate\":\"https:\/\/gomeandr.ch\/fr\/?s={search_term_string}\"},\"query-input\":{\"@type\":\"PropertyValueSpecification\",\"valueRequired\":true,\"valueName\":\"search_term_string\"}}],\"inLanguage\":\"fr-FR\"}]}<\/script>\n<!-- \/ Yoast SEO plugin. -->","yoast_head_json":{"title":"Professional Experiences - Andr\u00e9s Gomez","description":"Global person with expertise in E-learning, instructional design, and management. Known for innovative solutions and driving measurable outcomes in education.","robots":{"index":"index","follow":"follow","max-snippet":"max-snippet:-1","max-image-preview":"max-image-preview:large","max-video-preview":"max-video-preview:-1"},"canonical":"https:\/\/gomeandr.ch\/fr\/resume\/","og_locale":"fr_FR","og_type":"article","og_title":"Professional Experiences - Andr\u00e9s Gomez","og_description":"Global person with expertise in E-learning, instructional design, and management. Known for innovative solutions and driving measurable outcomes in education.","og_url":"https:\/\/gomeandr.ch\/fr\/resume\/","og_site_name":"Andr\u00e9s Gomez","article_modified_time":"2025-03-29T15:24:19+00:00","og_image":[{"width":200,"height":243,"url":"https:\/\/gomeandr.ch\/wp-content\/uploads\/2021\/02\/mySelf-e1727285790577.png","type":"image\/png"}],"twitter_card":"summary_large_image","twitter_misc":{"Dur\u00e9e de lecture estim\u00e9e":"6 minutes"},"schema":{"@context":"https:\/\/schema.org","@graph":[{"@type":"WebPage","@id":"https:\/\/gomeandr.ch\/resume\/","url":"https:\/\/gomeandr.ch\/resume\/","name":"Professional Experiences - Andr\u00e9s Gomez","isPartOf":{"@id":"https:\/\/gomeandr.ch\/fr\/#website"},"primaryImageOfPage":{"@id":"https:\/\/gomeandr.ch\/resume\/#primaryimage"},"image":{"@id":"https:\/\/gomeandr.ch\/resume\/#primaryimage"},"thumbnailUrl":"https:\/\/gomeandr.ch\/wp-content\/uploads\/2021\/02\/mySelf-e1727285790577.png","datePublished":"2018-04-05T12:36:53+00:00","dateModified":"2025-03-29T15:24:19+00:00","description":"Global person with expertise in E-learning, instructional design, and management. Known for innovative solutions and driving measurable outcomes in education.","breadcrumb":{"@id":"https:\/\/gomeandr.ch\/resume\/#breadcrumb"},"inLanguage":"fr-FR","potentialAction":[{"@type":"ReadAction","target":["https:\/\/gomeandr.ch\/resume\/"]}]},{"@type":"ImageObject","inLanguage":"fr-FR","@id":"https:\/\/gomeandr.ch\/resume\/#primaryimage","url":"https:\/\/gomeandr.ch\/wp-content\/uploads\/2021\/02\/mySelf-e1727285790577.png","contentUrl":"https:\/\/gomeandr.ch\/wp-content\/uploads\/2021\/02\/mySelf-e1727285790577.png","width":200,"height":243},{"@type":"BreadcrumbList","@id":"https:\/\/gomeandr.ch\/resume\/#breadcrumb","itemListElement":[{"@type":"ListItem","position":1,"name":"Home","item":"https:\/\/gomeandr.ch\/"},{"@type":"ListItem","position":2,"name":"Professional Experiences"}]},{"@type":"WebSite","@id":"https:\/\/gomeandr.ch\/fr\/#website","url":"https:\/\/gomeandr.ch\/fr\/","name":"Gomeandr","description":"Carte de visite","potentialAction":[{"@type":"SearchAction","target":{"@type":"EntryPoint","urlTemplate":"https:\/\/gomeandr.ch\/fr\/?s={search_term_string}"},"query-input":{"@type":"PropertyValueSpecification","valueRequired":true,"valueName":"search_term_string"}}],"inLanguage":"fr-FR"}]}},"jetpack_sharing_enabled":true,"_links":{"self":[{"href":"https:\/\/gomeandr.ch\/fr\/wp-json\/wp\/v2\/pages\/26"}],"collection":[{"href":"https:\/\/gomeandr.ch\/fr\/wp-json\/wp\/v2\/pages"}],"about":[{"href":"https:\/\/gomeandr.ch\/fr\/wp-json\/wp\/v2\/types\/page"}],"author":[{"embeddable":true,"href":"https:\/\/gomeandr.ch\/fr\/wp-json\/wp\/v2\/users\/1"}],"replies":[{"embeddable":true,"href":"https:\/\/gomeandr.ch\/fr\/wp-json\/wp\/v2\/comments?post=26"}],"version-history":[{"count":5,"href":"https:\/\/gomeandr.ch\/fr\/wp-json\/wp\/v2\/pages\/26\/revisions"}],"predecessor-version":[{"id":1685,"href":"https:\/\/gomeandr.ch\/fr\/wp-json\/wp\/v2\/pages\/26\/revisions\/1685"}],"wp:featuredmedia":[{"embeddable":true,"href":"https:\/\/gomeandr.ch\/fr\/wp-json\/wp\/v2\/media\/680"}],"wp:attachment":[{"href":"https:\/\/gomeandr.ch\/fr\/wp-json\/wp\/v2\/media?parent=26"}],"curies":[{"name":"wp","href":"https:\/\/api.w.org\/{rel}","templated":true}]}}